{"id":25,"date":"2021-08-19T22:52:11","date_gmt":"2021-08-19T22:52:11","guid":{"rendered":"https:\/\/vixglobaltrading.com\/pt-br\/?page_id=25"},"modified":"2024-01-25T19:50:11","modified_gmt":"2024-01-25T19:50:11","slug":"blog","status":"publish","type":"page","link":"https:\/\/vixglobaltrading.com\/pt-br\/blog\/","title":{"rendered":"Blog"},"content":{"rendered":"\t\t<div data-elementor-type=\"wp-page\" data-elementor-id=\"25\" class=\"elementor elementor-25\" data-elementor-post-type=\"page\">\n\t\t\t\t\t\t\t\t\t<section class=\"elementor-section elementor-top-section elementor-element elementor-element-f25da8e elementor-section-stretched elementor-section-boxed elementor-section-height-default elementor-section-height-default\" data-id=\"f25da8e\" data-element_type=\"section\" data-settings=\"{&quot;stretch_section&quot;:&quot;section-stretched&quot;,&quot;background_background&quot;:&quot;classic&quot;}\">\n\t\t\t\t\t\t<div class=\"elementor-container elementor-column-gap-default\">\n\t\t\t\t\t<div class=\"elementor-column elementor-col-100 elementor-top-column elementor-element elementor-element-712fe4d\" data-id=\"712fe4d\" data-element_type=\"column\">\n\t\t\t<div class=\"elementor-widget-wrap elementor-element-populated\">\n\t\t\t\t\t\t\t\t<div class=\"elementor-element elementor-element-aabfa94 elementor-widget elementor-widget-heading\" data-id=\"aabfa94\" data-element_type=\"widget\" data-widget_type=\"heading.default\">\n\t\t\t\t<div class=\"elementor-widget-container\">\n\t\t\t<h1 class=\"elementor-heading-title elementor-size-default\">Nosso blog<\/h1>\t\t<\/div>\n\t\t\t\t<\/div>\n\t\t\t\t\t<\/div>\n\t\t<\/div>\n\t\t\t\t\t\t\t<\/div>\n\t\t<\/section>\n\t\t\t\t<section class=\"elementor-section elementor-top-section elementor-element elementor-element-b5ce449 elementor-section-boxed elementor-section-height-default elementor-section-height-default\" data-id=\"b5ce449\" data-element_type=\"section\">\n\t\t\t\t\t\t<div class=\"elementor-container elementor-column-gap-default\">\n\t\t\t\t\t<div class=\"elementor-column elementor-col-100 elementor-top-column elementor-element elementor-element-b0a97a1\" data-id=\"b0a97a1\" data-element_type=\"column\">\n\t\t\t<div class=\"elementor-widget-wrap elementor-element-populated\">\n\t\t\t\t\t\t\t\t<div class=\"elementor-element elementor-element-b1de110 elementor-grid-3 elementor-grid-tablet-2 elementor-grid-mobile-1 elementor-posts--thumbnail-top elementor-card-shadow-yes elementor-posts__hover-gradient elementor-widget elementor-widget-posts\" data-id=\"b1de110\" data-element_type=\"widget\" data-settings=\"{&quot;pagination_type&quot;:&quot;prev_next&quot;,&quot;cards_columns&quot;:&quot;3&quot;,&quot;cards_columns_tablet&quot;:&quot;2&quot;,&quot;cards_columns_mobile&quot;:&quot;1&quot;,&quot;cards_row_gap&quot;:{&quot;unit&quot;:&quot;px&quot;,&quot;size&quot;:35,&quot;sizes&quot;:[]},&quot;cards_row_gap_tablet&quot;:{&quot;unit&quot;:&quot;px&quot;,&quot;size&quot;:&quot;&quot;,&quot;sizes&quot;:[]},&quot;cards_row_gap_mobile&quot;:{&quot;unit&quot;:&quot;px&quot;,&quot;size&quot;:&quot;&quot;,&quot;sizes&quot;:[]}}\" data-widget_type=\"posts.cards\">\n\t\t\t\t<div class=\"elementor-widget-container\">\n\t\t\t\t\t<div class=\"elementor-posts-container elementor-posts elementor-posts--skin-cards elementor-grid\">\n\t\t\t\t<article class=\"elementor-post elementor-grid-item post-1184 post type-post status-publish format-standard has-post-thumbnail hentry category-novidades\">\n\t\t\t<div class=\"elementor-post__card\">\n\t\t\t\t<a class=\"elementor-post__thumbnail__link\" href=\"https:\/\/vixglobaltrading.com\/pt-br\/brasil-se-aproxima-da-safra-de-cafe-robusta-de-2024-em-momento-de-disparada-de-precos\/\" tabindex=\"-1\" ><div class=\"elementor-post__thumbnail\"><img fetchpriority=\"high\" decoding=\"async\" width=\"300\" height=\"188\" src=\"https:\/\/vixglobaltrading.com\/pt-br\/wp-content\/uploads\/2024\/04\/Fine-Robusta-Brazil-2-1-300x188.jpg\" class=\"attachment-medium size-medium wp-image-1185\" alt=\"\" srcset=\"https:\/\/vixglobaltrading.com\/pt-br\/wp-content\/uploads\/2024\/04\/Fine-Robusta-Brazil-2-1-300x188.jpg 300w, https:\/\/vixglobaltrading.com\/pt-br\/wp-content\/uploads\/2024\/04\/Fine-Robusta-Brazil-2-1-768x481.jpg 768w, https:\/\/vixglobaltrading.com\/pt-br\/wp-content\/uploads\/2024\/04\/Fine-Robusta-Brazil-2-1.jpg 1000w\" sizes=\"(max-width: 300px) 100vw, 300px\" \/><\/div><\/a>\n\t\t\t\t<div class=\"elementor-post__badge\">Novidades<\/div>\n\t\t\t\t<div class=\"elementor-post__text\">\n\t\t\t\t<h3 class=\"elementor-post__title\">\n\t\t\t<a href=\"https:\/\/vixglobaltrading.com\/pt-br\/brasil-se-aproxima-da-safra-de-cafe-robusta-de-2024-em-momento-de-disparada-de-precos\/\" >\n\t\t\t\tBrasil se aproxima da safra de caf\u00e9 robusta de 2024 em momento de disparada de pre\u00e7os\t\t\t<\/a>\n\t\t<\/h3>\n\t\t\t\t<div class=\"elementor-post__excerpt\">\n\t\t\t<p>A expectativa \u00e9 de uma colheita robusta de caf\u00e9 no Brasil em 2024, com pre\u00e7os locais e internacionais em ascens\u00e3o.<\/p>\n\t\t<\/div>\n\t\t\n\t\t<a class=\"elementor-post__read-more\" href=\"https:\/\/vixglobaltrading.com\/pt-br\/brasil-se-aproxima-da-safra-de-cafe-robusta-de-2024-em-momento-de-disparada-de-precos\/\" aria-label=\"Read more about Brasil se aproxima da safra de caf\u00e9 robusta de 2024 em momento de disparada de pre\u00e7os\" tabindex=\"-1\" >\n\t\t\tLeia Mais \u00bb\t\t<\/a>\n\n\t\t\t\t<\/div>\n\t\t\t\t<div class=\"elementor-post__meta-data\">\n\t\t\t\t\t<span class=\"elementor-post-date\">\n\t\t\tabril 4, 2024\t\t<\/span>\n\t\t\t\t<span class=\"elementor-post-avatar\">\n\t\t\tNenhum coment\u00e1rio\t\t<\/span>\n\t\t\t\t<\/div>\n\t\t\t\t\t<\/div>\n\t\t<\/article>\n\t\t\t\t<article class=\"elementor-post elementor-grid-item post-1180 post type-post status-publish format-standard has-post-thumbnail hentry category-novidades\">\n\t\t\t<div class=\"elementor-post__card\">\n\t\t\t\t<a class=\"elementor-post__thumbnail__link\" href=\"https:\/\/vixglobaltrading.com\/pt-br\/exportadores-e-importadores-buscam-alinhamento-sobre-novas-legislacoes-internacionais\/\" tabindex=\"-1\" ><div class=\"elementor-post__thumbnail\"><img decoding=\"async\" width=\"300\" height=\"200\" src=\"https:\/\/vixglobaltrading.com\/pt-br\/wp-content\/uploads\/2024\/03\/cafes-do-brasil-300x200.jpeg\" class=\"attachment-medium size-medium wp-image-1181\" alt=\"\" srcset=\"https:\/\/vixglobaltrading.com\/pt-br\/wp-content\/uploads\/2024\/03\/cafes-do-brasil-300x200.jpeg 300w, https:\/\/vixglobaltrading.com\/pt-br\/wp-content\/uploads\/2024\/03\/cafes-do-brasil.jpeg 640w\" sizes=\"(max-width: 300px) 100vw, 300px\" \/><\/div><\/a>\n\t\t\t\t<div class=\"elementor-post__badge\">Novidades<\/div>\n\t\t\t\t<div class=\"elementor-post__text\">\n\t\t\t\t<h3 class=\"elementor-post__title\">\n\t\t\t<a href=\"https:\/\/vixglobaltrading.com\/pt-br\/exportadores-e-importadores-buscam-alinhamento-sobre-novas-legislacoes-internacionais\/\" >\n\t\t\t\tExportadores e importadores buscam alinhamento sobre novas legisla\u00e7\u00f5es internacionais\t\t\t<\/a>\n\t\t<\/h3>\n\t\t\t\t<div class=\"elementor-post__excerpt\">\n\t\t\t<p>Cecaf\u00e9 representou o Brasil na Reuni\u00e3o das Organiza\u00e7\u00f5es Globais do Caf\u00e9, em Nashville, nos EUA, dentro da programa\u00e7\u00e3o da Conven\u00e7\u00e3o Anual da NCA<\/p>\n\t\t<\/div>\n\t\t\n\t\t<a class=\"elementor-post__read-more\" href=\"https:\/\/vixglobaltrading.com\/pt-br\/exportadores-e-importadores-buscam-alinhamento-sobre-novas-legislacoes-internacionais\/\" aria-label=\"Read more about Exportadores e importadores buscam alinhamento sobre novas legisla\u00e7\u00f5es internacionais\" tabindex=\"-1\" >\n\t\t\tLeia Mais \u00bb\t\t<\/a>\n\n\t\t\t\t<\/div>\n\t\t\t\t<div class=\"elementor-post__meta-data\">\n\t\t\t\t\t<span class=\"elementor-post-date\">\n\t\t\tmar\u00e7o 13, 2024\t\t<\/span>\n\t\t\t\t<span class=\"elementor-post-avatar\">\n\t\t\tNenhum coment\u00e1rio\t\t<\/span>\n\t\t\t\t<\/div>\n\t\t\t\t\t<\/div>\n\t\t<\/article>\n\t\t\t\t<article class=\"elementor-post elementor-grid-item post-1177 post type-post status-publish format-standard has-post-thumbnail hentry category-novidades\">\n\t\t\t<div class=\"elementor-post__card\">\n\t\t\t\t<a class=\"elementor-post__thumbnail__link\" href=\"https:\/\/vixglobaltrading.com\/pt-br\/brasil-produziu-mais-de-um-milhao-de-toneladas-de-frutas-em-2023-entenda\/\" tabindex=\"-1\" ><div class=\"elementor-post__thumbnail\"><img decoding=\"async\" width=\"300\" height=\"186\" src=\"https:\/\/vixglobaltrading.com\/pt-br\/wp-content\/uploads\/2024\/03\/as-frutas-sao-alimentos-importantes-para-nossa-saude-alem-serem-muito-saborosas-5bdaec2def6bb-300x186.webp\" class=\"attachment-medium size-medium wp-image-1178\" alt=\"\" srcset=\"https:\/\/vixglobaltrading.com\/pt-br\/wp-content\/uploads\/2024\/03\/as-frutas-sao-alimentos-importantes-para-nossa-saude-alem-serem-muito-saborosas-5bdaec2def6bb-300x186.webp 300w, https:\/\/vixglobaltrading.com\/pt-br\/wp-content\/uploads\/2024\/03\/as-frutas-sao-alimentos-importantes-para-nossa-saude-alem-serem-muito-saborosas-5bdaec2def6bb.webp 600w\" sizes=\"(max-width: 300px) 100vw, 300px\" \/><\/div><\/a>\n\t\t\t\t<div class=\"elementor-post__badge\">Novidades<\/div>\n\t\t\t\t<div class=\"elementor-post__text\">\n\t\t\t\t<h3 class=\"elementor-post__title\">\n\t\t\t<a href=\"https:\/\/vixglobaltrading.com\/pt-br\/brasil-produziu-mais-de-um-milhao-de-toneladas-de-frutas-em-2023-entenda\/\" >\n\t\t\t\tBrasil produziu mais de um milh\u00e3o de toneladas de frutas em 2023; entenda\t\t\t<\/a>\n\t\t<\/h3>\n\t\t\t\t<div class=\"elementor-post__excerpt\">\n\t\t\t<p>Produ\u00e7\u00e3o cresceu 6% em volume e 26,7% em valor em compara\u00e7\u00e3o com 2022; exporta\u00e7\u00e3o tamb\u00e9m aumentou, incluindo para mercados exigentes como os pa\u00edses \u00e1rabes<\/p>\n\t\t<\/div>\n\t\t\n\t\t<a class=\"elementor-post__read-more\" href=\"https:\/\/vixglobaltrading.com\/pt-br\/brasil-produziu-mais-de-um-milhao-de-toneladas-de-frutas-em-2023-entenda\/\" aria-label=\"Read more about Brasil produziu mais de um milh\u00e3o de toneladas de frutas em 2023; entenda\" tabindex=\"-1\" >\n\t\t\tLeia Mais \u00bb\t\t<\/a>\n\n\t\t\t\t<\/div>\n\t\t\t\t<div class=\"elementor-post__meta-data\">\n\t\t\t\t\t<span class=\"elementor-post-date\">\n\t\t\tmar\u00e7o 6, 2024\t\t<\/span>\n\t\t\t\t<span class=\"elementor-post-avatar\">\n\t\t\tNenhum coment\u00e1rio\t\t<\/span>\n\t\t\t\t<\/div>\n\t\t\t\t\t<\/div>\n\t\t<\/article>\n\t\t\t\t<article class=\"elementor-post elementor-grid-item post-754 post type-post status-publish format-standard has-post-thumbnail hentry category-novidades\">\n\t\t\t<div class=\"elementor-post__card\">\n\t\t\t\t<a class=\"elementor-post__thumbnail__link\" href=\"https:\/\/vixglobaltrading.com\/pt-br\/aspectos-da-negociacao-internacional-e-a-importancia-do-agente-intermediador\/\" tabindex=\"-1\" ><div class=\"elementor-post__thumbnail\"><img loading=\"lazy\" decoding=\"async\" width=\"300\" height=\"150\" src=\"https:\/\/vixglobaltrading.com\/pt-br\/wp-content\/uploads\/2023\/11\/International-Negotiation-1-300x150.jpg\" class=\"attachment-medium size-medium wp-image-755\" alt=\"\" srcset=\"https:\/\/vixglobaltrading.com\/pt-br\/wp-content\/uploads\/2023\/11\/International-Negotiation-1-300x150.jpg 300w, https:\/\/vixglobaltrading.com\/pt-br\/wp-content\/uploads\/2023\/11\/International-Negotiation-1-1024x512.jpg 1024w, https:\/\/vixglobaltrading.com\/pt-br\/wp-content\/uploads\/2023\/11\/International-Negotiation-1-768x384.jpg 768w, https:\/\/vixglobaltrading.com\/pt-br\/wp-content\/uploads\/2023\/11\/International-Negotiation-1.jpg 1441w\" sizes=\"(max-width: 300px) 100vw, 300px\" \/><\/div><\/a>\n\t\t\t\t<div class=\"elementor-post__badge\">Novidades<\/div>\n\t\t\t\t<div class=\"elementor-post__text\">\n\t\t\t\t<h3 class=\"elementor-post__title\">\n\t\t\t<a href=\"https:\/\/vixglobaltrading.com\/pt-br\/aspectos-da-negociacao-internacional-e-a-importancia-do-agente-intermediador\/\" >\n\t\t\t\tAspectos da Negocia\u00e7\u00e3o Internacional e a Import\u00e2ncia do Agente Intermediador\t\t\t<\/a>\n\t\t<\/h3>\n\t\t\t\t<div class=\"elementor-post__excerpt\">\n\t\t\t<p>Comercializar internacionalmente apresenta uma s\u00e9rie de desafios significativos para o exportador.<\/p>\n\t\t<\/div>\n\t\t\n\t\t<a class=\"elementor-post__read-more\" href=\"https:\/\/vixglobaltrading.com\/pt-br\/aspectos-da-negociacao-internacional-e-a-importancia-do-agente-intermediador\/\" aria-label=\"Read more about Aspectos da Negocia\u00e7\u00e3o Internacional e a Import\u00e2ncia do Agente Intermediador\" tabindex=\"-1\" >\n\t\t\tLeia Mais \u00bb\t\t<\/a>\n\n\t\t\t\t<\/div>\n\t\t\t\t<div class=\"elementor-post__meta-data\">\n\t\t\t\t\t<span class=\"elementor-post-date\">\n\t\t\tnovembro 30, 2023\t\t<\/span>\n\t\t\t\t<span class=\"elementor-post-avatar\">\n\t\t\tNenhum coment\u00e1rio\t\t<\/span>\n\t\t\t\t<\/div>\n\t\t\t\t\t<\/div>\n\t\t<\/article>\n\t\t\t\t<article class=\"elementor-post elementor-grid-item post-749 post type-post status-publish format-standard has-post-thumbnail hentry category-novidades\">\n\t\t\t<div class=\"elementor-post__card\">\n\t\t\t\t<a class=\"elementor-post__thumbnail__link\" href=\"https:\/\/vixglobaltrading.com\/pt-br\/brasil-pode-alcancar-novo-recorde-com-exportacao-de-frutas\/\" tabindex=\"-1\" ><div class=\"elementor-post__thumbnail\"><img loading=\"lazy\" decoding=\"async\" width=\"200\" height=\"200\" src=\"https:\/\/vixglobaltrading.com\/pt-br\/wp-content\/uploads\/2023\/11\/2390d3a715924f448fab200b5a229229_200x200.jpg\" class=\"attachment-medium size-medium wp-image-750\" alt=\"\" srcset=\"https:\/\/vixglobaltrading.com\/pt-br\/wp-content\/uploads\/2023\/11\/2390d3a715924f448fab200b5a229229_200x200.jpg 200w, https:\/\/vixglobaltrading.com\/pt-br\/wp-content\/uploads\/2023\/11\/2390d3a715924f448fab200b5a229229_200x200-150x150.jpg 150w\" sizes=\"(max-width: 200px) 100vw, 200px\" \/><\/div><\/a>\n\t\t\t\t<div class=\"elementor-post__badge\">Novidades<\/div>\n\t\t\t\t<div class=\"elementor-post__text\">\n\t\t\t\t<h3 class=\"elementor-post__title\">\n\t\t\t<a href=\"https:\/\/vixglobaltrading.com\/pt-br\/brasil-pode-alcancar-novo-recorde-com-exportacao-de-frutas\/\" >\n\t\t\t\tBrasil pode alcan\u00e7ar novo recorde com exporta\u00e7\u00e3o de frutas\t\t\t<\/a>\n\t\t<\/h3>\n\t\t\t\t<div class=\"elementor-post__excerpt\">\n\t\t\t<p>Clima favor\u00e1vel e menor concorr\u00eancia externa impulsionam pre\u00e7os. <\/p>\n\t\t<\/div>\n\t\t\n\t\t<a class=\"elementor-post__read-more\" href=\"https:\/\/vixglobaltrading.com\/pt-br\/brasil-pode-alcancar-novo-recorde-com-exportacao-de-frutas\/\" aria-label=\"Read more about Brasil pode alcan\u00e7ar novo recorde com exporta\u00e7\u00e3o de frutas\" tabindex=\"-1\" >\n\t\t\tLeia Mais \u00bb\t\t<\/a>\n\n\t\t\t\t<\/div>\n\t\t\t\t<div class=\"elementor-post__meta-data\">\n\t\t\t\t\t<span class=\"elementor-post-date\">\n\t\t\tnovembro 15, 2023\t\t<\/span>\n\t\t\t\t<span class=\"elementor-post-avatar\">\n\t\t\tNenhum coment\u00e1rio\t\t<\/span>\n\t\t\t\t<\/div>\n\t\t\t\t\t<\/div>\n\t\t<\/article>\n\t\t\t\t<article class=\"elementor-post elementor-grid-item post-707 post type-post status-publish format-standard has-post-thumbnail hentry category-novidades\">\n\t\t\t<div class=\"elementor-post__card\">\n\t\t\t\t<a class=\"elementor-post__thumbnail__link\" href=\"https:\/\/vixglobaltrading.com\/pt-br\/produtores-de-manga-estao-se-dedicando-para-a-safra-do-segundo-semestre\/\" tabindex=\"-1\" ><div class=\"elementor-post__thumbnail\"><img loading=\"lazy\" decoding=\"async\" width=\"300\" height=\"200\" src=\"https:\/\/vixglobaltrading.com\/pt-br\/wp-content\/uploads\/2023\/05\/pomar-de-manga-foto-alexandre-justino-03-300x200.jpeg\" class=\"attachment-medium size-medium wp-image-708\" alt=\"\" srcset=\"https:\/\/vixglobaltrading.com\/pt-br\/wp-content\/uploads\/2023\/05\/pomar-de-manga-foto-alexandre-justino-03-300x200.jpeg 300w, https:\/\/vixglobaltrading.com\/pt-br\/wp-content\/uploads\/2023\/05\/pomar-de-manga-foto-alexandre-justino-03.jpeg 640w\" sizes=\"(max-width: 300px) 100vw, 300px\" \/><\/div><\/a>\n\t\t\t\t<div class=\"elementor-post__badge\">Novidades<\/div>\n\t\t\t\t<div class=\"elementor-post__text\">\n\t\t\t\t<h3 class=\"elementor-post__title\">\n\t\t\t<a href=\"https:\/\/vixglobaltrading.com\/pt-br\/produtores-de-manga-estao-se-dedicando-para-a-safra-do-segundo-semestre\/\" >\n\t\t\t\tProdutores de manga est\u00e3o se dedicando para a safra do segundo semestre\t\t\t<\/a>\n\t\t<\/h3>\n\t\t\t\t<div class=\"elementor-post__excerpt\">\n\t\t\t<p>Com a aproxima\u00e7\u00e3o do encerramento do primeiro semestre de 2023, produtores e agentes da mangicultura do Vale do S\u00e3o Francisco (PE\/BA) est\u00e3o se dedicando aos preparativos para a safra do segundo semestre.<\/p>\n\t\t<\/div>\n\t\t\n\t\t<a class=\"elementor-post__read-more\" href=\"https:\/\/vixglobaltrading.com\/pt-br\/produtores-de-manga-estao-se-dedicando-para-a-safra-do-segundo-semestre\/\" aria-label=\"Read more about Produtores de manga est\u00e3o se dedicando para a safra do segundo semestre\" tabindex=\"-1\" >\n\t\t\tLeia Mais \u00bb\t\t<\/a>\n\n\t\t\t\t<\/div>\n\t\t\t\t<div class=\"elementor-post__meta-data\">\n\t\t\t\t\t<span class=\"elementor-post-date\">\n\t\t\tmaio 25, 2023\t\t<\/span>\n\t\t\t\t<span class=\"elementor-post-avatar\">\n\t\t\tNenhum coment\u00e1rio\t\t<\/span>\n\t\t\t\t<\/div>\n\t\t\t\t\t<\/div>\n\t\t<\/article>\n\t\t\t\t<article class=\"elementor-post elementor-grid-item post-701 post type-post status-publish format-standard has-post-thumbnail hentry category-novidades\">\n\t\t\t<div class=\"elementor-post__card\">\n\t\t\t\t<a class=\"elementor-post__thumbnail__link\" href=\"https:\/\/vixglobaltrading.com\/pt-br\/a-temporada-de-gengibre-de-2023-comeca-no-brasil-voce-sabe-como-armazenar-verificar-e-consumir-corretamente-o-seu-gengibre\/\" tabindex=\"-1\" ><div class=\"elementor-post__thumbnail\"><img loading=\"lazy\" decoding=\"async\" width=\"300\" height=\"300\" src=\"https:\/\/vixglobaltrading.com\/pt-br\/wp-content\/uploads\/2023\/05\/gengibre-alimento-antibiotico-1520191963276_v2_1x1-300x300.jpg\" class=\"attachment-medium size-medium wp-image-702\" alt=\"\" srcset=\"https:\/\/vixglobaltrading.com\/pt-br\/wp-content\/uploads\/2023\/05\/gengibre-alimento-antibiotico-1520191963276_v2_1x1-300x300.jpg 300w, https:\/\/vixglobaltrading.com\/pt-br\/wp-content\/uploads\/2023\/05\/gengibre-alimento-antibiotico-1520191963276_v2_1x1-150x150.jpg 150w, https:\/\/vixglobaltrading.com\/pt-br\/wp-content\/uploads\/2023\/05\/gengibre-alimento-antibiotico-1520191963276_v2_1x1-768x770.jpg 768w, https:\/\/vixglobaltrading.com\/pt-br\/wp-content\/uploads\/2023\/05\/gengibre-alimento-antibiotico-1520191963276_v2_1x1.jpg 834w\" sizes=\"(max-width: 300px) 100vw, 300px\" \/><\/div><\/a>\n\t\t\t\t<div class=\"elementor-post__badge\">Novidades<\/div>\n\t\t\t\t<div class=\"elementor-post__text\">\n\t\t\t\t<h3 class=\"elementor-post__title\">\n\t\t\t<a href=\"https:\/\/vixglobaltrading.com\/pt-br\/a-temporada-de-gengibre-de-2023-comeca-no-brasil-voce-sabe-como-armazenar-verificar-e-consumir-corretamente-o-seu-gengibre\/\" >\n\t\t\t\tA temporada de gengibre de 2023 come\u00e7a no Brasil. Voc\u00ea sabe como armazenar, verificar e consumir corretamente o seu gengibre?\t\t\t<\/a>\n\t\t<\/h3>\n\t\t\t\t<div class=\"elementor-post__excerpt\">\n\t\t\t<p>Por quanto tempo voc\u00ea pode manter o gengibre em casa? A intensidade do sabor do gengibre \u00e9 espec\u00edfica para a idade? Essas perguntas precisam ser abordadas quando voc\u00ea tem um gengibre guardado em casa h\u00e1 muito tempo.<\/p>\n\t\t<\/div>\n\t\t\n\t\t<a class=\"elementor-post__read-more\" href=\"https:\/\/vixglobaltrading.com\/pt-br\/a-temporada-de-gengibre-de-2023-comeca-no-brasil-voce-sabe-como-armazenar-verificar-e-consumir-corretamente-o-seu-gengibre\/\" aria-label=\"Read more about A temporada de gengibre de 2023 come\u00e7a no Brasil. Voc\u00ea sabe como armazenar, verificar e consumir corretamente o seu gengibre?\" tabindex=\"-1\" >\n\t\t\tLeia Mais \u00bb\t\t<\/a>\n\n\t\t\t\t<\/div>\n\t\t\t\t<div class=\"elementor-post__meta-data\">\n\t\t\t\t\t<span class=\"elementor-post-date\">\n\t\t\tmaio 18, 2023\t\t<\/span>\n\t\t\t\t<span class=\"elementor-post-avatar\">\n\t\t\tNenhum coment\u00e1rio\t\t<\/span>\n\t\t\t\t<\/div>\n\t\t\t\t\t<\/div>\n\t\t<\/article>\n\t\t\t\t<article class=\"elementor-post elementor-grid-item post-696 post type-post status-publish format-standard has-post-thumbnail hentry category-novidades\">\n\t\t\t<div class=\"elementor-post__card\">\n\t\t\t\t<a class=\"elementor-post__thumbnail__link\" href=\"https:\/\/vixglobaltrading.com\/pt-br\/producao-de-abacate-e-a-que-mais-cresce-no-brasil-e-no-mundo\/\" tabindex=\"-1\" ><div class=\"elementor-post__thumbnail\"><img loading=\"lazy\" decoding=\"async\" width=\"272\" height=\"185\" src=\"https:\/\/vixglobaltrading.com\/pt-br\/wp-content\/uploads\/2023\/05\/images.jpg\" class=\"attachment-medium size-medium wp-image-699\" alt=\"\" \/><\/div><\/a>\n\t\t\t\t<div class=\"elementor-post__badge\">Novidades<\/div>\n\t\t\t\t<div class=\"elementor-post__text\">\n\t\t\t\t<h3 class=\"elementor-post__title\">\n\t\t\t<a href=\"https:\/\/vixglobaltrading.com\/pt-br\/producao-de-abacate-e-a-que-mais-cresce-no-brasil-e-no-mundo\/\" >\n\t\t\t\tPRODU\u00c7\u00c3O DE ABACATE \u00c9 A QUE MAIS CRESCE NO BRASIL E NO MUNDO\t\t\t<\/a>\n\t\t<\/h3>\n\t\t\t\t<div class=\"elementor-post__excerpt\">\n\t\t\t<p>A FAO (Organiza\u00e7\u00e3o das Na\u00e7\u00f5es Unidas para Alimenta\u00e7\u00e3o e Agricultura) projeta que o abacate se torne uma das frutas mais comercializadas at\u00e9 2030, com as exporta\u00e7\u00f5es globais superando quatro milh\u00f5es de toneladas. <\/p>\n\t\t<\/div>\n\t\t\n\t\t<a class=\"elementor-post__read-more\" href=\"https:\/\/vixglobaltrading.com\/pt-br\/producao-de-abacate-e-a-que-mais-cresce-no-brasil-e-no-mundo\/\" aria-label=\"Read more about PRODU\u00c7\u00c3O DE ABACATE \u00c9 A QUE MAIS CRESCE NO BRASIL E NO MUNDO\" tabindex=\"-1\" >\n\t\t\tLeia Mais \u00bb\t\t<\/a>\n\n\t\t\t\t<\/div>\n\t\t\t\t<div class=\"elementor-post__meta-data\">\n\t\t\t\t\t<span class=\"elementor-post-date\">\n\t\t\tmaio 5, 2023\t\t<\/span>\n\t\t\t\t<span class=\"elementor-post-avatar\">\n\t\t\tNenhum coment\u00e1rio\t\t<\/span>\n\t\t\t\t<\/div>\n\t\t\t\t\t<\/div>\n\t\t<\/article>\n\t\t\t\t<article class=\"elementor-post elementor-grid-item post-684 post type-post status-publish format-standard has-post-thumbnail hentry category-novidades tag-cafe tag-especial\">\n\t\t\t<div class=\"elementor-post__card\">\n\t\t\t\t<a class=\"elementor-post__thumbnail__link\" href=\"https:\/\/vixglobaltrading.com\/pt-br\/cafe-especial-pesquisa-inovadora-desenvolve-tecnica-que-utiliza-frutos-verdes-na-producao-de-cafes-especiais\/\" tabindex=\"-1\" ><div class=\"elementor-post__thumbnail\"><img loading=\"lazy\" decoding=\"async\" width=\"300\" height=\"200\" src=\"https:\/\/vixglobaltrading.com\/pt-br\/wp-content\/uploads\/2023\/01\/cafe_verde_900-300x200.jpg\" class=\"attachment-medium size-medium wp-image-685\" alt=\"\" srcset=\"https:\/\/vixglobaltrading.com\/pt-br\/wp-content\/uploads\/2023\/01\/cafe_verde_900-300x200.jpg 300w, https:\/\/vixglobaltrading.com\/pt-br\/wp-content\/uploads\/2023\/01\/cafe_verde_900-768x512.jpg 768w, https:\/\/vixglobaltrading.com\/pt-br\/wp-content\/uploads\/2023\/01\/cafe_verde_900.jpg 900w\" sizes=\"(max-width: 300px) 100vw, 300px\" \/><\/div><\/a>\n\t\t\t\t<div class=\"elementor-post__badge\">Novidades<\/div>\n\t\t\t\t<div class=\"elementor-post__text\">\n\t\t\t\t<h3 class=\"elementor-post__title\">\n\t\t\t<a href=\"https:\/\/vixglobaltrading.com\/pt-br\/cafe-especial-pesquisa-inovadora-desenvolve-tecnica-que-utiliza-frutos-verdes-na-producao-de-cafes-especiais\/\" >\n\t\t\t\tCaf\u00e9 especial: Pesquisa inovadora desenvolve t\u00e9cnica que utiliza frutos verdes na produ\u00e7\u00e3o de caf\u00e9s especiais\t\t\t<\/a>\n\t\t<\/h3>\n\t\t\t\t<div class=\"elementor-post__excerpt\">\n\t\t\t<p>Em processo de patente, m\u00e9todo aumenta o valor da saca al\u00e9m de melhorar os benef\u00edcios nutricionais e saudabilidade da bebida.<\/p>\n\t\t<\/div>\n\t\t\n\t\t<a class=\"elementor-post__read-more\" href=\"https:\/\/vixglobaltrading.com\/pt-br\/cafe-especial-pesquisa-inovadora-desenvolve-tecnica-que-utiliza-frutos-verdes-na-producao-de-cafes-especiais\/\" aria-label=\"Read more about Caf\u00e9 especial: Pesquisa inovadora desenvolve t\u00e9cnica que utiliza frutos verdes na produ\u00e7\u00e3o de caf\u00e9s especiais\" tabindex=\"-1\" >\n\t\t\tLeia Mais \u00bb\t\t<\/a>\n\n\t\t\t\t<\/div>\n\t\t\t\t<div class=\"elementor-post__meta-data\">\n\t\t\t\t\t<span class=\"elementor-post-date\">\n\t\t\tjaneiro 30, 2023\t\t<\/span>\n\t\t\t\t<span class=\"elementor-post-avatar\">\n\t\t\tNenhum coment\u00e1rio\t\t<\/span>\n\t\t\t\t<\/div>\n\t\t\t\t\t<\/div>\n\t\t<\/article>\n\t\t\t\t<article class=\"elementor-post elementor-grid-item post-646 post type-post status-publish format-standard has-post-thumbnail hentry category-uncategorized\">\n\t\t\t<div class=\"elementor-post__card\">\n\t\t\t\t<a class=\"elementor-post__thumbnail__link\" href=\"https:\/\/vixglobaltrading.com\/pt-br\/limao-tem-substancias-que-podem-combater-a-covid-19\/\" tabindex=\"-1\" ><div class=\"elementor-post__thumbnail\"><img loading=\"lazy\" decoding=\"async\" width=\"300\" height=\"193\" src=\"https:\/\/vixglobaltrading.com\/pt-br\/wp-content\/uploads\/2022\/07\/beneficios-limao-300x193.jpg\" class=\"attachment-medium size-medium wp-image-647\" alt=\"\" srcset=\"https:\/\/vixglobaltrading.com\/pt-br\/wp-content\/uploads\/2022\/07\/beneficios-limao-300x193.jpg 300w, https:\/\/vixglobaltrading.com\/pt-br\/wp-content\/uploads\/2022\/07\/beneficios-limao.jpg 610w\" sizes=\"(max-width: 300px) 100vw, 300px\" \/><\/div><\/a>\n\t\t\t\t<div class=\"elementor-post__badge\">Uncategorized<\/div>\n\t\t\t\t<div class=\"elementor-post__text\">\n\t\t\t\t<h3 class=\"elementor-post__title\">\n\t\t\t<a href=\"https:\/\/vixglobaltrading.com\/pt-br\/limao-tem-substancias-que-podem-combater-a-covid-19\/\" >\n\t\t\t\tLim\u00e3o tem subst\u00e2ncias que podem combater a Covid-19\t\t\t<\/a>\n\t\t<\/h3>\n\t\t\t\t<div class=\"elementor-post__excerpt\">\n\t\t\t<p>Estudo desenvolvido em Limoeiro do Norte foi publicado em revista internacional e entrou na base da Organiza\u00e7\u00e3o Mundial da Sa\u00fade (OMS).<\/p>\n\t\t<\/div>\n\t\t\n\t\t<a class=\"elementor-post__read-more\" href=\"https:\/\/vixglobaltrading.com\/pt-br\/limao-tem-substancias-que-podem-combater-a-covid-19\/\" aria-label=\"Read more about Lim\u00e3o tem subst\u00e2ncias que podem combater a Covid-19\" tabindex=\"-1\" >\n\t\t\tLeia Mais \u00bb\t\t<\/a>\n\n\t\t\t\t<\/div>\n\t\t\t\t<div class=\"elementor-post__meta-data\">\n\t\t\t\t\t<span class=\"elementor-post-date\">\n\t\t\tjulho 6, 2022\t\t<\/span>\n\t\t\t\t<span class=\"elementor-post-avatar\">\n\t\t\tNenhum coment\u00e1rio\t\t<\/span>\n\t\t\t\t<\/div>\n\t\t\t\t\t<\/div>\n\t\t<\/article>\n\t\t\t\t<article class=\"elementor-post elementor-grid-item post-642 post type-post status-publish format-standard has-post-thumbnail hentry category-novidades\">\n\t\t\t<div class=\"elementor-post__card\">\n\t\t\t\t<a class=\"elementor-post__thumbnail__link\" href=\"https:\/\/vixglobaltrading.com\/pt-br\/com-recorde-para-o-mes-de-maio-exportacoes-do-agronegocio-passam-de-us-15-bilhoes\/\" tabindex=\"-1\" ><div class=\"elementor-post__thumbnail\"><img loading=\"lazy\" decoding=\"async\" width=\"300\" height=\"200\" src=\"https:\/\/vixglobaltrading.com\/pt-br\/wp-content\/uploads\/2022\/06\/PORTOS_Conteineres_Credito_Claudio-Neves_Portos-do-Parana-300x200.jpg\" class=\"attachment-medium size-medium wp-image-643\" alt=\"\" srcset=\"https:\/\/vixglobaltrading.com\/pt-br\/wp-content\/uploads\/2022\/06\/PORTOS_Conteineres_Credito_Claudio-Neves_Portos-do-Parana-300x200.jpg 300w, https:\/\/vixglobaltrading.com\/pt-br\/wp-content\/uploads\/2022\/06\/PORTOS_Conteineres_Credito_Claudio-Neves_Portos-do-Parana-1024x683.jpg 1024w, https:\/\/vixglobaltrading.com\/pt-br\/wp-content\/uploads\/2022\/06\/PORTOS_Conteineres_Credito_Claudio-Neves_Portos-do-Parana-768x512.jpg 768w, https:\/\/vixglobaltrading.com\/pt-br\/wp-content\/uploads\/2022\/06\/PORTOS_Conteineres_Credito_Claudio-Neves_Portos-do-Parana-1536x1024.jpg 1536w, https:\/\/vixglobaltrading.com\/pt-br\/wp-content\/uploads\/2022\/06\/PORTOS_Conteineres_Credito_Claudio-Neves_Portos-do-Parana-2048x1365.jpg 2048w\" sizes=\"(max-width: 300px) 100vw, 300px\" \/><\/div><\/a>\n\t\t\t\t<div class=\"elementor-post__badge\">Novidades<\/div>\n\t\t\t\t<div class=\"elementor-post__text\">\n\t\t\t\t<h3 class=\"elementor-post__title\">\n\t\t\t<a href=\"https:\/\/vixglobaltrading.com\/pt-br\/com-recorde-para-o-mes-de-maio-exportacoes-do-agronegocio-passam-de-us-15-bilhoes\/\" >\n\t\t\t\tCom recorde para o m\u00eas de maio, exporta\u00e7\u00f5es do agroneg\u00f3cio passam de US$ 15 bilh\u00f5es\t\t\t<\/a>\n\t\t<\/h3>\n\t\t\t\t<div class=\"elementor-post__excerpt\">\n\t\t\t<p>Nos cinco primeiros meses de 2022, as exporta\u00e7\u00f5es brasileiras do agroneg\u00f3cio somaram US$ 63,62 bilh\u00f5es, valor hist\u00f3rico para o per\u00edodo.<\/p>\n\t\t<\/div>\n\t\t\n\t\t<a class=\"elementor-post__read-more\" href=\"https:\/\/vixglobaltrading.com\/pt-br\/com-recorde-para-o-mes-de-maio-exportacoes-do-agronegocio-passam-de-us-15-bilhoes\/\" aria-label=\"Read more about Com recorde para o m\u00eas de maio, exporta\u00e7\u00f5es do agroneg\u00f3cio passam de US$ 15 bilh\u00f5es\" tabindex=\"-1\" >\n\t\t\tLeia Mais \u00bb\t\t<\/a>\n\n\t\t\t\t<\/div>\n\t\t\t\t<div class=\"elementor-post__meta-data\">\n\t\t\t\t\t<span class=\"elementor-post-date\">\n\t\t\tjunho 28, 2022\t\t<\/span>\n\t\t\t\t<span class=\"elementor-post-avatar\">\n\t\t\tNenhum coment\u00e1rio\t\t<\/span>\n\t\t\t\t<\/div>\n\t\t\t\t\t<\/div>\n\t\t<\/article>\n\t\t\t\t<article class=\"elementor-post elementor-grid-item post-639 post type-post status-publish format-standard has-post-thumbnail hentry category-novidades\">\n\t\t\t<div class=\"elementor-post__card\">\n\t\t\t\t<a class=\"elementor-post__thumbnail__link\" href=\"https:\/\/vixglobaltrading.com\/pt-br\/escassez-de-conteineres-vazios-pode-piorar-no-porto-de-rotterdam\/\" tabindex=\"-1\" ><div class=\"elementor-post__thumbnail\"><img loading=\"lazy\" decoding=\"async\" width=\"300\" height=\"200\" src=\"https:\/\/vixglobaltrading.com\/pt-br\/wp-content\/uploads\/2022\/06\/container-3859710_1920-300x200.webp\" class=\"attachment-medium size-medium wp-image-640\" alt=\"\" srcset=\"https:\/\/vixglobaltrading.com\/pt-br\/wp-content\/uploads\/2022\/06\/container-3859710_1920-300x200.webp 300w, https:\/\/vixglobaltrading.com\/pt-br\/wp-content\/uploads\/2022\/06\/container-3859710_1920-1024x683.webp 1024w, https:\/\/vixglobaltrading.com\/pt-br\/wp-content\/uploads\/2022\/06\/container-3859710_1920-768x512.webp 768w, https:\/\/vixglobaltrading.com\/pt-br\/wp-content\/uploads\/2022\/06\/container-3859710_1920-1536x1024.webp 1536w, https:\/\/vixglobaltrading.com\/pt-br\/wp-content\/uploads\/2022\/06\/container-3859710_1920.webp 1920w\" sizes=\"(max-width: 300px) 100vw, 300px\" \/><\/div><\/a>\n\t\t\t\t<div class=\"elementor-post__badge\">Novidades<\/div>\n\t\t\t\t<div class=\"elementor-post__text\">\n\t\t\t\t<h3 class=\"elementor-post__title\">\n\t\t\t<a href=\"https:\/\/vixglobaltrading.com\/pt-br\/escassez-de-conteineres-vazios-pode-piorar-no-porto-de-rotterdam\/\" >\n\t\t\t\tEscassez de cont\u00eaineres vazios pode piorar no Porto de Rotterdam\t\t\t<\/a>\n\t\t<\/h3>\n\t\t\t\t<div class=\"elementor-post__excerpt\">\n\t\t\t<p>Caixas de cont\u00eaineres vazias, cruciais para os exportadores, est\u00e3o ficando presas no Porto de Rotterdam, \u00e0 medida que um crescente ac\u00famulo de mercadorias n\u00e3o entregues no centro de exporta\u00e7\u00e3o da Europa for\u00e7a as transportadoras mar\u00edtimas a priorizar os embarques de cont\u00eaineres cheios.<\/p>\n\t\t<\/div>\n\t\t\n\t\t<a class=\"elementor-post__read-more\" href=\"https:\/\/vixglobaltrading.com\/pt-br\/escassez-de-conteineres-vazios-pode-piorar-no-porto-de-rotterdam\/\" aria-label=\"Read more about Escassez de cont\u00eaineres vazios pode piorar no Porto de Rotterdam\" tabindex=\"-1\" >\n\t\t\tLeia Mais \u00bb\t\t<\/a>\n\n\t\t\t\t<\/div>\n\t\t\t\t<div class=\"elementor-post__meta-data\">\n\t\t\t\t\t<span class=\"elementor-post-date\">\n\t\t\tjunho 24, 2022\t\t<\/span>\n\t\t\t\t<span class=\"elementor-post-avatar\">\n\t\t\tNenhum coment\u00e1rio\t\t<\/span>\n\t\t\t\t<\/div>\n\t\t\t\t\t<\/div>\n\t\t<\/article>\n\t\t\t\t<article class=\"elementor-post elementor-grid-item post-635 post type-post status-publish format-standard has-post-thumbnail hentry category-novidades\">\n\t\t\t<div class=\"elementor-post__card\">\n\t\t\t\t<a class=\"elementor-post__thumbnail__link\" href=\"https:\/\/vixglobaltrading.com\/pt-br\/maersk-conclui-aquisicao-da-senator-international\/\" tabindex=\"-1\" ><div class=\"elementor-post__thumbnail\"><img loading=\"lazy\" decoding=\"async\" width=\"300\" height=\"169\" src=\"https:\/\/vixglobaltrading.com\/pt-br\/wp-content\/uploads\/2022\/06\/Maersk-300x169.jpeg\" class=\"attachment-medium size-medium wp-image-636\" alt=\"\" srcset=\"https:\/\/vixglobaltrading.com\/pt-br\/wp-content\/uploads\/2022\/06\/Maersk-300x169.jpeg 300w, https:\/\/vixglobaltrading.com\/pt-br\/wp-content\/uploads\/2022\/06\/Maersk-1024x576.jpeg 1024w, https:\/\/vixglobaltrading.com\/pt-br\/wp-content\/uploads\/2022\/06\/Maersk-768x432.jpeg 768w, https:\/\/vixglobaltrading.com\/pt-br\/wp-content\/uploads\/2022\/06\/Maersk-1536x864.jpeg 1536w, https:\/\/vixglobaltrading.com\/pt-br\/wp-content\/uploads\/2022\/06\/Maersk.jpeg 1600w\" sizes=\"(max-width: 300px) 100vw, 300px\" \/><\/div><\/a>\n\t\t\t\t<div class=\"elementor-post__badge\">Novidades<\/div>\n\t\t\t\t<div class=\"elementor-post__text\">\n\t\t\t\t<h3 class=\"elementor-post__title\">\n\t\t\t<a href=\"https:\/\/vixglobaltrading.com\/pt-br\/maersk-conclui-aquisicao-da-senator-international\/\" >\n\t\t\t\tMaersk conclui aquisi\u00e7\u00e3o da Senator International\t\t\t<\/a>\n\t\t<\/h3>\n\t\t\t\t<div class=\"elementor-post__excerpt\">\n\t\t\t<p>Maersk anuncia o fechamento da aquisi\u00e7\u00e3o da Senator International, uma renomada empresa global de agenciamento de cargas.<\/p>\n\t\t<\/div>\n\t\t\n\t\t<a class=\"elementor-post__read-more\" href=\"https:\/\/vixglobaltrading.com\/pt-br\/maersk-conclui-aquisicao-da-senator-international\/\" aria-label=\"Read more about Maersk conclui aquisi\u00e7\u00e3o da Senator International\" tabindex=\"-1\" >\n\t\t\tLeia Mais \u00bb\t\t<\/a>\n\n\t\t\t\t<\/div>\n\t\t\t\t<div class=\"elementor-post__meta-data\">\n\t\t\t\t\t<span class=\"elementor-post-date\">\n\t\t\tjunho 3, 2022\t\t<\/span>\n\t\t\t\t<span class=\"elementor-post-avatar\">\n\t\t\tNenhum coment\u00e1rio\t\t<\/span>\n\t\t\t\t<\/div>\n\t\t\t\t\t<\/div>\n\t\t<\/article>\n\t\t\t\t<article class=\"elementor-post elementor-grid-item post-632 post type-post status-publish format-standard has-post-thumbnail hentry category-uncategorized\">\n\t\t\t<div class=\"elementor-post__card\">\n\t\t\t\t<a class=\"elementor-post__thumbnail__link\" href=\"https:\/\/vixglobaltrading.com\/pt-br\/melao-exportacoes-surpreendem-em-abril\/\" tabindex=\"-1\" ><div class=\"elementor-post__thumbnail\"><img loading=\"lazy\" decoding=\"async\" width=\"300\" height=\"200\" src=\"https:\/\/vixglobaltrading.com\/pt-br\/wp-content\/uploads\/2022\/06\/melao-300x200.webp\" class=\"attachment-medium size-medium wp-image-634\" alt=\"\" srcset=\"https:\/\/vixglobaltrading.com\/pt-br\/wp-content\/uploads\/2022\/06\/melao-300x200.webp 300w, https:\/\/vixglobaltrading.com\/pt-br\/wp-content\/uploads\/2022\/06\/melao-1024x683.webp 1024w, https:\/\/vixglobaltrading.com\/pt-br\/wp-content\/uploads\/2022\/06\/melao-768x513.webp 768w, https:\/\/vixglobaltrading.com\/pt-br\/wp-content\/uploads\/2022\/06\/melao.webp 1254w\" sizes=\"(max-width: 300px) 100vw, 300px\" \/><\/div><\/a>\n\t\t\t\t<div class=\"elementor-post__badge\">Uncategorized<\/div>\n\t\t\t\t<div class=\"elementor-post__text\">\n\t\t\t\t<h3 class=\"elementor-post__title\">\n\t\t\t<a href=\"https:\/\/vixglobaltrading.com\/pt-br\/melao-exportacoes-surpreendem-em-abril\/\" >\n\t\t\t\tMEL\u00c3O: Exporta\u00e7\u00f5es surpreendem em abril\t\t\t<\/a>\n\t\t<\/h3>\n\t\t\t\t<div class=\"elementor-post__excerpt\">\n\t\t\t<p>Exporta\u00e7\u00e3o da fruta em abril supera o volume exportado no mesmo per\u00edodo do ano passado.<\/p>\n\t\t<\/div>\n\t\t\n\t\t<a class=\"elementor-post__read-more\" href=\"https:\/\/vixglobaltrading.com\/pt-br\/melao-exportacoes-surpreendem-em-abril\/\" aria-label=\"Read more about MEL\u00c3O: Exporta\u00e7\u00f5es surpreendem em abril\" tabindex=\"-1\" >\n\t\t\tLeia Mais \u00bb\t\t<\/a>\n\n\t\t\t\t<\/div>\n\t\t\t\t<div class=\"elementor-post__meta-data\">\n\t\t\t\t\t<span class=\"elementor-post-date\">\n\t\t\tjunho 1, 2022\t\t<\/span>\n\t\t\t\t<span class=\"elementor-post-avatar\">\n\t\t\tNenhum coment\u00e1rio\t\t<\/span>\n\t\t\t\t<\/div>\n\t\t\t\t\t<\/div>\n\t\t<\/article>\n\t\t\t\t<article class=\"elementor-post elementor-grid-item post-626 post type-post status-publish format-standard has-post-thumbnail hentry category-novidades\">\n\t\t\t<div class=\"elementor-post__card\">\n\t\t\t\t<a class=\"elementor-post__thumbnail__link\" href=\"https:\/\/vixglobaltrading.com\/pt-br\/exportacoes-de-limao-crescem-20-em-volume-no-primeiro-semestre-de-2022\/\" tabindex=\"-1\" ><div class=\"elementor-post__thumbnail\"><img loading=\"lazy\" decoding=\"async\" width=\"300\" height=\"300\" src=\"https:\/\/vixglobaltrading.com\/pt-br\/wp-content\/uploads\/2022\/04\/FOTO-LIMAO-EXPORTACAO-SITE-300x300.jpg\" class=\"attachment-medium size-medium wp-image-629\" alt=\"\" srcset=\"https:\/\/vixglobaltrading.com\/pt-br\/wp-content\/uploads\/2022\/04\/FOTO-LIMAO-EXPORTACAO-SITE-300x300.jpg 300w, https:\/\/vixglobaltrading.com\/pt-br\/wp-content\/uploads\/2022\/04\/FOTO-LIMAO-EXPORTACAO-SITE-1024x1024.jpg 1024w, https:\/\/vixglobaltrading.com\/pt-br\/wp-content\/uploads\/2022\/04\/FOTO-LIMAO-EXPORTACAO-SITE-150x150.jpg 150w, https:\/\/vixglobaltrading.com\/pt-br\/wp-content\/uploads\/2022\/04\/FOTO-LIMAO-EXPORTACAO-SITE-768x768.jpg 768w, https:\/\/vixglobaltrading.com\/pt-br\/wp-content\/uploads\/2022\/04\/FOTO-LIMAO-EXPORTACAO-SITE-1536x1536.jpg 1536w, https:\/\/vixglobaltrading.com\/pt-br\/wp-content\/uploads\/2022\/04\/FOTO-LIMAO-EXPORTACAO-SITE-2048x2048.jpg 2048w\" sizes=\"(max-width: 300px) 100vw, 300px\" \/><\/div><\/a>\n\t\t\t\t<div class=\"elementor-post__badge\">Novidades<\/div>\n\t\t\t\t<div class=\"elementor-post__text\">\n\t\t\t\t<h3 class=\"elementor-post__title\">\n\t\t\t<a href=\"https:\/\/vixglobaltrading.com\/pt-br\/exportacoes-de-limao-crescem-20-em-volume-no-primeiro-semestre-de-2022\/\" >\n\t\t\t\tExporta\u00e7\u00f5es de lim\u00e3o crescem 20% em volume no primeiro semestre de 2022\t\t\t<\/a>\n\t\t<\/h3>\n\t\t\t\t<div class=\"elementor-post__excerpt\">\n\t\t\t<p>Com quase 37 mil toneladas, a fruta \u00e1cida lidera percentualmente o crescimento das exporta\u00e7\u00f5es de frutas no Brasil.<\/p>\n\t\t<\/div>\n\t\t\n\t\t<a class=\"elementor-post__read-more\" href=\"https:\/\/vixglobaltrading.com\/pt-br\/exportacoes-de-limao-crescem-20-em-volume-no-primeiro-semestre-de-2022\/\" aria-label=\"Read more about Exporta\u00e7\u00f5es de lim\u00e3o crescem 20% em volume no primeiro semestre de 2022\" tabindex=\"-1\" >\n\t\t\tLeia Mais \u00bb\t\t<\/a>\n\n\t\t\t\t<\/div>\n\t\t\t\t<div class=\"elementor-post__meta-data\">\n\t\t\t\t\t<span class=\"elementor-post-date\">\n\t\t\tabril 20, 2022\t\t<\/span>\n\t\t\t\t<span class=\"elementor-post-avatar\">\n\t\t\tNenhum coment\u00e1rio\t\t<\/span>\n\t\t\t\t<\/div>\n\t\t\t\t\t<\/div>\n\t\t<\/article>\n\t\t\t\t<article class=\"elementor-post elementor-grid-item post-620 post type-post status-publish format-standard has-post-thumbnail hentry category-novidades\">\n\t\t\t<div class=\"elementor-post__card\">\n\t\t\t\t<a class=\"elementor-post__thumbnail__link\" href=\"https:\/\/vixglobaltrading.com\/pt-br\/governo-federal-lanca-plano-nacional-de-fertilizantes-para-reduzir-dependencia-de-importacao-dos-insumos\/\" tabindex=\"-1\" ><div class=\"elementor-post__thumbnail\"><img loading=\"lazy\" decoding=\"async\" width=\"300\" height=\"188\" src=\"https:\/\/vixglobaltrading.com\/pt-br\/wp-content\/uploads\/2022\/03\/fertilizantes-300x188.webp\" class=\"attachment-medium size-medium wp-image-623\" alt=\"\" srcset=\"https:\/\/vixglobaltrading.com\/pt-br\/wp-content\/uploads\/2022\/03\/fertilizantes-300x188.webp 300w, https:\/\/vixglobaltrading.com\/pt-br\/wp-content\/uploads\/2022\/03\/fertilizantes-1024x640.webp 1024w, https:\/\/vixglobaltrading.com\/pt-br\/wp-content\/uploads\/2022\/03\/fertilizantes-768x480.webp 768w, https:\/\/vixglobaltrading.com\/pt-br\/wp-content\/uploads\/2022\/03\/fertilizantes.webp 1200w\" sizes=\"(max-width: 300px) 100vw, 300px\" \/><\/div><\/a>\n\t\t\t\t<div class=\"elementor-post__badge\">Novidades<\/div>\n\t\t\t\t<div class=\"elementor-post__text\">\n\t\t\t\t<h3 class=\"elementor-post__title\">\n\t\t\t<a href=\"https:\/\/vixglobaltrading.com\/pt-br\/governo-federal-lanca-plano-nacional-de-fertilizantes-para-reduzir-dependencia-de-importacao-dos-insumos\/\" >\n\t\t\t\tGoverno Federal lan\u00e7a Plano Nacional de Fertilizantes para reduzir depend\u00eancia de importa\u00e7\u00e3o dos insumos\t\t\t<\/a>\n\t\t<\/h3>\n\t\t\t\t<div class=\"elementor-post__excerpt\">\n\t\t\t<p>Visando diminuir a depend\u00eancia na importa\u00e7\u00e3o de fertilizantes russos, alertados com a guerra na Ucr\u00e2nia, Governo brasileiro busca alternativas. No Minist\u00e9rio da Agricultura, a preocupa\u00e7\u00e3o com a aus\u00eancia de fertilizantes se d\u00e1 com a safra de ver\u00e3o, plantada entre setembro e outubro, em raz\u00e3o da \u201cbagun\u00e7a\u201d log\u00edstica consequente da Guerra.<\/p>\n\t\t<\/div>\n\t\t\n\t\t<a class=\"elementor-post__read-more\" href=\"https:\/\/vixglobaltrading.com\/pt-br\/governo-federal-lanca-plano-nacional-de-fertilizantes-para-reduzir-dependencia-de-importacao-dos-insumos\/\" aria-label=\"Read more about Governo Federal lan\u00e7a Plano Nacional de Fertilizantes para reduzir depend\u00eancia de importa\u00e7\u00e3o dos insumos\" tabindex=\"-1\" >\n\t\t\tLeia Mais \u00bb\t\t<\/a>\n\n\t\t\t\t<\/div>\n\t\t\t\t<div class=\"elementor-post__meta-data\">\n\t\t\t\t\t<span class=\"elementor-post-date\">\n\t\t\tmar\u00e7o 14, 2022\t\t<\/span>\n\t\t\t\t<span class=\"elementor-post-avatar\">\n\t\t\tNenhum coment\u00e1rio\t\t<\/span>\n\t\t\t\t<\/div>\n\t\t\t\t\t<\/div>\n\t\t<\/article>\n\t\t\t\t<article class=\"elementor-post elementor-grid-item post-614 post type-post status-publish format-standard has-post-thumbnail hentry category-novidades\">\n\t\t\t<div class=\"elementor-post__card\">\n\t\t\t\t<a class=\"elementor-post__thumbnail__link\" href=\"https:\/\/vixglobaltrading.com\/pt-br\/exportacoes-do-agronegocio-alcancam-recorde-de-us-88-bilhoes-em-janeiro\/\" tabindex=\"-1\" ><div class=\"elementor-post__thumbnail\"><img loading=\"lazy\" decoding=\"async\" width=\"300\" height=\"225\" src=\"https:\/\/vixglobaltrading.com\/pt-br\/wp-content\/uploads\/2022\/02\/232742-300x225.jpg\" class=\"attachment-medium size-medium wp-image-618\" alt=\"\" srcset=\"https:\/\/vixglobaltrading.com\/pt-br\/wp-content\/uploads\/2022\/02\/232742-300x225.jpg 300w, https:\/\/vixglobaltrading.com\/pt-br\/wp-content\/uploads\/2022\/02\/232742-768x576.jpg 768w, https:\/\/vixglobaltrading.com\/pt-br\/wp-content\/uploads\/2022\/02\/232742.jpg 1024w\" sizes=\"(max-width: 300px) 100vw, 300px\" \/><\/div><\/a>\n\t\t\t\t<div class=\"elementor-post__badge\">Novidades<\/div>\n\t\t\t\t<div class=\"elementor-post__text\">\n\t\t\t\t<h3 class=\"elementor-post__title\">\n\t\t\t<a href=\"https:\/\/vixglobaltrading.com\/pt-br\/exportacoes-do-agronegocio-alcancam-recorde-de-us-88-bilhoes-em-janeiro\/\" >\n\t\t\t\tExporta\u00e7\u00f5es do Agroneg\u00f3cio alcan\u00e7am recorde de US$ 8,8 bilh\u00f5es em janeiro.\t\t\t<\/a>\n\t\t<\/h3>\n\t\t\t\t<div class=\"elementor-post__excerpt\">\n\t\t\t<p>O valor significa aumento de 57,5% em rela\u00e7\u00e3o ao exportado em janeiro do ano passado.<\/p>\n\t\t<\/div>\n\t\t\n\t\t<a class=\"elementor-post__read-more\" href=\"https:\/\/vixglobaltrading.com\/pt-br\/exportacoes-do-agronegocio-alcancam-recorde-de-us-88-bilhoes-em-janeiro\/\" aria-label=\"Read more about Exporta\u00e7\u00f5es do Agroneg\u00f3cio alcan\u00e7am recorde de US$ 8,8 bilh\u00f5es em janeiro.\" tabindex=\"-1\" >\n\t\t\tLeia Mais \u00bb\t\t<\/a>\n\n\t\t\t\t<\/div>\n\t\t\t\t<div class=\"elementor-post__meta-data\">\n\t\t\t\t\t<span class=\"elementor-post-date\">\n\t\t\tfevereiro 14, 2022\t\t<\/span>\n\t\t\t\t<span class=\"elementor-post-avatar\">\n\t\t\tNenhum coment\u00e1rio\t\t<\/span>\n\t\t\t\t<\/div>\n\t\t\t\t\t<\/div>\n\t\t<\/article>\n\t\t\t\t<article class=\"elementor-post elementor-grid-item post-609 post type-post status-publish format-standard has-post-thumbnail hentry category-novidades\">\n\t\t\t<div class=\"elementor-post__card\">\n\t\t\t\t<a class=\"elementor-post__thumbnail__link\" href=\"https:\/\/vixglobaltrading.com\/pt-br\/setor-portuario-movimentou-12-bi-toneladas-em-2021-e-cresceu-48\/\" tabindex=\"-1\" ><div class=\"elementor-post__thumbnail\"><img loading=\"lazy\" decoding=\"async\" width=\"300\" height=\"200\" src=\"https:\/\/vixglobaltrading.com\/pt-br\/wp-content\/uploads\/2022\/02\/setor-portuario-brasileiro-historia-como-funciona-e-crescimento-300x200.jpg\" class=\"attachment-medium size-medium wp-image-610\" alt=\"\" srcset=\"https:\/\/vixglobaltrading.com\/pt-br\/wp-content\/uploads\/2022\/02\/setor-portuario-brasileiro-historia-como-funciona-e-crescimento-300x200.jpg 300w, https:\/\/vixglobaltrading.com\/pt-br\/wp-content\/uploads\/2022\/02\/setor-portuario-brasileiro-historia-como-funciona-e-crescimento-1024x681.jpg 1024w, https:\/\/vixglobaltrading.com\/pt-br\/wp-content\/uploads\/2022\/02\/setor-portuario-brasileiro-historia-como-funciona-e-crescimento-768x511.jpg 768w, https:\/\/vixglobaltrading.com\/pt-br\/wp-content\/uploads\/2022\/02\/setor-portuario-brasileiro-historia-como-funciona-e-crescimento-1536x1022.jpg 1536w, https:\/\/vixglobaltrading.com\/pt-br\/wp-content\/uploads\/2022\/02\/setor-portuario-brasileiro-historia-como-funciona-e-crescimento.jpg 1680w\" sizes=\"(max-width: 300px) 100vw, 300px\" \/><\/div><\/a>\n\t\t\t\t<div class=\"elementor-post__badge\">Novidades<\/div>\n\t\t\t\t<div class=\"elementor-post__text\">\n\t\t\t\t<h3 class=\"elementor-post__title\">\n\t\t\t<a href=\"https:\/\/vixglobaltrading.com\/pt-br\/setor-portuario-movimentou-12-bi-toneladas-em-2021-e-cresceu-48\/\" >\n\t\t\t\tSetor portu\u00e1rio movimentou 1,2 bi toneladas em 2021 e cresceu 4,8%\t\t\t<\/a>\n\t\t<\/h3>\n\t\t\t\t<div class=\"elementor-post__excerpt\">\n\t\t\t<p>Segundo nota publicada pelo Minist\u00e9rio da Infraestrutura, a previs\u00e3o \u00e9 que o n\u00famero cres\u00e7a 2,4% em rela\u00e7\u00e3o ao resultado registrado em 2021.<\/p>\n\t\t<\/div>\n\t\t\n\t\t<a class=\"elementor-post__read-more\" href=\"https:\/\/vixglobaltrading.com\/pt-br\/setor-portuario-movimentou-12-bi-toneladas-em-2021-e-cresceu-48\/\" aria-label=\"Read more about Setor portu\u00e1rio movimentou 1,2 bi toneladas em 2021 e cresceu 4,8%\" tabindex=\"-1\" >\n\t\t\tLeia Mais \u00bb\t\t<\/a>\n\n\t\t\t\t<\/div>\n\t\t\t\t<div class=\"elementor-post__meta-data\">\n\t\t\t\t\t<span class=\"elementor-post-date\">\n\t\t\tfevereiro 4, 2022\t\t<\/span>\n\t\t\t\t<span class=\"elementor-post-avatar\">\n\t\t\tNenhum coment\u00e1rio\t\t<\/span>\n\t\t\t\t<\/div>\n\t\t\t\t\t<\/div>\n\t\t<\/article>\n\t\t\t\t<\/div>\n\t\t\n\t\t\t\t<div class=\"e-load-more-anchor\" data-page=\"1\" data-max-page=\"2\" data-next-page=\"https:\/\/vixglobaltrading.com\/pt-br\/wp-json\/wp\/v2\/pages\/25\/page\/2\/\"><\/div>\n\t\t\t\t<nav class=\"elementor-pagination\" aria-label=\"Pagination\">\n\t\t\t<span class=\"page-numbers prev\">&laquo; Anterior<\/span>\n<a class=\"page-numbers next\" href=\"https:\/\/vixglobaltrading.com\/pt-br\/wp-json\/wp\/v2\/pages\/25\/page\/2\/\">Pr\u00f3ximo &raquo;<\/a>\t\t<\/nav>\n\t\t\t\t<\/div>\n\t\t\t\t<\/div>\n\t\t\t\t\t<\/div>\n\t\t<\/div>\n\t\t\t\t\t\t\t<\/div>\n\t\t<\/section>\n\t\t\t\t\t\t\t<\/div>\n\t\t","protected":false},"excerpt":{"rendered":"<p>Nosso blog<\/p>\n","protected":false},"author":1,"featured_media":0,"parent":0,"menu_order":0,"comment_status":"closed","ping_status":"closed","template":"","meta":{"_joinchat":[],"footnotes":""},"class_list":["post-25","page","type-page","status-publish","hentry"],"_links":{"self":[{"href":"https:\/\/vixglobaltrading.com\/pt-br\/wp-json\/wp\/v2\/pages\/25","targetHints":{"allow":["GET"]}}],"collection":[{"href":"https:\/\/vixglobaltrading.com\/pt-br\/wp-json\/wp\/v2\/pages"}],"about":[{"href":"https:\/\/vixglobaltrading.com\/pt-br\/wp-json\/wp\/v2\/types\/page"}],"author":[{"embeddable":true,"href":"https:\/\/vixglobaltrading.com\/pt-br\/wp-json\/wp\/v2\/users\/1"}],"replies":[{"embeddable":true,"href":"https:\/\/vixglobaltrading.com\/pt-br\/wp-json\/wp\/v2\/comments?post=25"}],"version-history":[{"count":27,"href":"https:\/\/vixglobaltrading.com\/pt-br\/wp-json\/wp\/v2\/pages\/25\/revisions"}],"predecessor-version":[{"id":759,"href":"https:\/\/vixglobaltrading.com\/pt-br\/wp-json\/wp\/v2\/pages\/25\/revisions\/759"}],"wp:attachment":[{"href":"https:\/\/vixglobaltrading.com\/pt-br\/wp-json\/wp\/v2\/media?parent=25"}],"curies":[{"name":"wp","href":"https:\/\/api.w.org\/{rel}","templated":true}]}}